{"id":16,"date":"2023-08-15T02:22:43","date_gmt":"2023-08-15T02:22:43","guid":{"rendered":"http:\/\/cempr.mx\/sala-de-prensa\/"},"modified":"2023-08-31T17:39:18","modified_gmt":"2023-08-31T23:39:18","slug":"sala-de-prensa","status":"publish","type":"page","link":"https:\/\/cempr.mx\/en\/sala-de-prensa\/","title":{"rendered":"Press Room"},"content":{"rendered":"<div data-elementor-type=\"wp-page\" data-elementor-id=\"16\" class=\"elementor elementor-16\" data-elementor-post-type=\"page\">\n\t\t\t\t<div class=\"elementor-element elementor-element-dfd32b9 e-flex e-con-boxed e-con e-parent\" data-id=\"dfd32b9\" data-element_type=\"container\" data-e-type=\"container\" data-settings=\"{&quot;background_background&quot;:&quot;classic&quot;}\">\n\t\t\t\t\t<div class=\"e-con-inner\">\n\t\t\t\t<div class=\"elementor-element elementor-element-b8e6959 elementor-widget elementor-widget-heading\" data-id=\"b8e6959\" data-element_type=\"widget\" data-e-type=\"widget\" data-widget_type=\"heading.default\">\n\t\t\t\t<div class=\"elementor-widget-container\">\n\t\t\t\t\t<h1 class=\"elementor-heading-title elementor-size-default\">Press Room<\/h1>\t\t\t\t<\/div>\n\t\t\t\t<\/div>\n\t\t\t\t<div class=\"elementor-element elementor-element-89ae094 elementor-widget elementor-widget-text-editor\" data-id=\"89ae094\" data-element_type=\"widget\" data-e-type=\"widget\" data-widget_type=\"text-editor.default\">\n\t\t\t\t<div class=\"elementor-widget-container\">\n\t\t\t\t\t\t\t\t\t<p>Welcome to our Press Room! In this section, you will find everything related to launches, events, news, trends, opinion articles, and relevant news from the brands we serve. Our mission is to bring you up-to-date information about how these companies are impacting their respective industries. Explore our press releases and feel free to download what you find most interesting for your audience.<\/p>\t\t\t\t\t\t\t\t<\/div>\n\t\t\t\t<\/div>\n\t\t\t\t\t<\/div>\n\t\t\t\t<\/div>\n\t\t<div class=\"elementor-element elementor-element-46acf44 e-flex e-con-boxed e-con e-parent\" data-id=\"46acf44\" data-element_type=\"container\" data-e-type=\"container\">\n\t\t\t\t\t<div class=\"e-con-inner\">\n\t\t\t\t<div class=\"elementor-element elementor-element-af30199 elementor-grid-4 elementor-posts--align-center elementor-grid-tablet-2 elementor-grid-mobile-1 elementor-posts--thumbnail-top elementor-card-shadow-yes elementor-posts__hover-gradient elementor-widget elementor-widget-posts\" data-id=\"af30199\" data-element_type=\"widget\" data-e-type=\"widget\" data-settings=\"{&quot;cards_columns&quot;:&quot;4&quot;,&quot;pagination_type&quot;:&quot;numbers&quot;,&quot;cards_columns_tablet&quot;:&quot;2&quot;,&quot;cards_columns_mobile&quot;:&quot;1&quot;,&quot;cards_row_gap&quot;:{&quot;unit&quot;:&quot;px&quot;,&quot;size&quot;:35,&quot;sizes&quot;:[]},&quot;cards_row_gap_tablet&quot;:{&quot;unit&quot;:&quot;px&quot;,&quot;size&quot;:&quot;&quot;,&quot;sizes&quot;:[]},&quot;cards_row_gap_mobile&quot;:{&quot;unit&quot;:&quot;px&quot;,&quot;size&quot;:&quot;&quot;,&quot;sizes&quot;:[]}}\" data-widget_type=\"posts.cards\">\n\t\t\t\t<div class=\"elementor-widget-container\">\n\t\t\t\t\t\t\t<div class=\"elementor-posts-container elementor-posts elementor-posts--skin-cards elementor-grid\" role=\"list\">\n\t\t\t\t<article class=\"elementor-post elementor-grid-item post-2246 comunicados-prensa type-comunicados-prensa status-publish has-post-thumbnail hentry etiquetas-prensa-omada-by-tp-link\" role=\"listitem\">\n\t\t\t<div class=\"elementor-post__card\">\n\t\t\t\t<a class=\"elementor-post__thumbnail__link\" href=\"https:\/\/cempr.mx\/en\/comunicados-prensa\/omada-by-tp-link-lanza-el-eap668-outdoor-hd\/\" tabindex=\"-1\" ><div class=\"elementor-post__thumbnail\"><img fetchpriority=\"high\" decoding=\"async\" width=\"300\" height=\"200\" src=\"https:\/\/cempr.mx\/wp-content\/uploads\/2026\/04\/omada_eap668_outdoor_hd-300x200.png\" class=\"attachment-medium size-medium wp-image-2247\" alt=\"EAP668-Outdoor HD\" srcset=\"https:\/\/cempr.mx\/wp-content\/uploads\/2026\/04\/omada_eap668_outdoor_hd-300x200.png 300w, https:\/\/cempr.mx\/wp-content\/uploads\/2026\/04\/omada_eap668_outdoor_hd-1024x683.png 1024w, https:\/\/cempr.mx\/wp-content\/uploads\/2026\/04\/omada_eap668_outdoor_hd-768x512.png 768w, https:\/\/cempr.mx\/wp-content\/uploads\/2026\/04\/omada_eap668_outdoor_hd-18x12.png 18w, https:\/\/cempr.mx\/wp-content\/uploads\/2026\/04\/omada_eap668_outdoor_hd.png 1500w\" sizes=\"(max-width: 300px) 100vw, 300px\" \/><\/div><\/a>\n\t\t\t\t<div class=\"elementor-post__badge\">Omada by TP-Link<\/div>\n\t\t\t\t<div class=\"elementor-post__text\">\n\t\t\t\t<h3 class=\"elementor-post__title\">\n\t\t\t<a href=\"https:\/\/cempr.mx\/en\/comunicados-prensa\/omada-by-tp-link-lanza-el-eap668-outdoor-hd\/\" >\n\t\t\t\tOmada by TP-Link lanza el EAP668-Outdoor HD para responder ante la necesidad de proyectos de WiFi de alta densidad en exterior\t\t\t<\/a>\n\t\t<\/h3>\n\t\t\t\t<div class=\"elementor-post__excerpt\">\n\t\t\t<p>Omada by TP-Link lanza el EAP668-Outdoor HD para responder ante la necesidad de proyectos de WiFi de alta densidad en exterior CDMX, M\u00e9xico, 21 de abril de 2026.\u00a0En M\u00e9xico, la<\/p>\n\t\t<\/div>\n\t\t\n\t\t<a class=\"elementor-post__read-more\" href=\"https:\/\/cempr.mx\/en\/comunicados-prensa\/omada-by-tp-link-lanza-el-eap668-outdoor-hd\/\" aria-label=\"Read more about Omada by TP-Link lanza el EAP668-Outdoor HD para responder ante la necesidad de proyectos de WiFi de alta densidad en exterior\" tabindex=\"-1\" >\n\t\t\tRead more  \u00bb\t\t<\/a>\n\n\t\t\t\t<\/div>\n\t\t\t\t<div class=\"elementor-post__meta-data\">\n\t\t\t\t\t<span class=\"elementor-post-date\">\n\t\t\tApril 21, 2026\t\t<\/span>\n\t\t\t\t<\/div>\n\t\t\t\t\t<\/div>\n\t\t<\/article>\n\t\t\t\t<article class=\"elementor-post elementor-grid-item post-2242 comunicados-prensa type-comunicados-prensa status-publish has-post-thumbnail hentry etiquetas-prensa-sonicwall\" role=\"listitem\">\n\t\t\t<div class=\"elementor-post__card\">\n\t\t\t\t<a class=\"elementor-post__thumbnail__link\" href=\"https:\/\/cempr.mx\/en\/comunicados-prensa\/sonicwall-presenta-el-informe-cyber-protect-2026-con-enfoque-en-los-resultados-de-proteccion-de-las-pymes-y-revela-siete-errores-criticos-de-ciberseguridad\/\" tabindex=\"-1\" ><div class=\"elementor-post__thumbnail\"><img decoding=\"async\" width=\"300\" height=\"200\" src=\"https:\/\/cempr.mx\/wp-content\/uploads\/2026\/04\/sonicwall_cyberprotect2026-300x200.jpg\" class=\"attachment-medium size-medium wp-image-2243\" alt=\"Informe Cyber Protect 2026\" srcset=\"https:\/\/cempr.mx\/wp-content\/uploads\/2026\/04\/sonicwall_cyberprotect2026-300x200.jpg 300w, https:\/\/cempr.mx\/wp-content\/uploads\/2026\/04\/sonicwall_cyberprotect2026-768x512.jpg 768w, https:\/\/cempr.mx\/wp-content\/uploads\/2026\/04\/sonicwall_cyberprotect2026-18x12.jpg 18w, https:\/\/cempr.mx\/wp-content\/uploads\/2026\/04\/sonicwall_cyberprotect2026.jpg 900w\" sizes=\"(max-width: 300px) 100vw, 300px\" \/><\/div><\/a>\n\t\t\t\t<div class=\"elementor-post__badge\">SonicWall<\/div>\n\t\t\t\t<div class=\"elementor-post__text\">\n\t\t\t\t<h3 class=\"elementor-post__title\">\n\t\t\t<a href=\"https:\/\/cempr.mx\/en\/comunicados-prensa\/sonicwall-presenta-el-informe-cyber-protect-2026-con-enfoque-en-los-resultados-de-proteccion-de-las-pymes-y-revela-siete-errores-criticos-de-ciberseguridad\/\" >\n\t\t\t\tSonicWall presenta el Informe Cyber Protect 2026 con enfoque en los resultados de protecci\u00f3n de las pymes y revela siete errores cr\u00edticos de ciberseguridad\t\t\t<\/a>\n\t\t<\/h3>\n\t\t\t\t<div class=\"elementor-post__excerpt\">\n\t\t\t<p>Seg\u00fan el nuevo informe, los ataques graves y accionables han aumentado m\u00e1s de un 20% mientras las pymes se enfrentan a la creciente amenaza de unos cibercriminales cada vez m\u00e1s<\/p>\n\t\t<\/div>\n\t\t\n\t\t<a class=\"elementor-post__read-more\" href=\"https:\/\/cempr.mx\/en\/comunicados-prensa\/sonicwall-presenta-el-informe-cyber-protect-2026-con-enfoque-en-los-resultados-de-proteccion-de-las-pymes-y-revela-siete-errores-criticos-de-ciberseguridad\/\" aria-label=\"Read more about SonicWall presenta el Informe Cyber Protect 2026 con enfoque en los resultados de protecci\u00f3n de las pymes y revela siete errores cr\u00edticos de ciberseguridad\" tabindex=\"-1\" >\n\t\t\tRead more  \u00bb\t\t<\/a>\n\n\t\t\t\t<\/div>\n\t\t\t\t<div class=\"elementor-post__meta-data\">\n\t\t\t\t\t<span class=\"elementor-post-date\">\n\t\t\tApril 16, 2026\t\t<\/span>\n\t\t\t\t<\/div>\n\t\t\t\t\t<\/div>\n\t\t<\/article>\n\t\t\t\t<article class=\"elementor-post elementor-grid-item post-2226 comunicados-prensa type-comunicados-prensa status-publish has-post-thumbnail hentry etiquetas-prensa-omada-by-tp-link\" role=\"listitem\">\n\t\t\t<div class=\"elementor-post__card\">\n\t\t\t\t<a class=\"elementor-post__thumbnail__link\" href=\"https:\/\/cempr.mx\/en\/comunicados-prensa\/omada-by-tp-link-impulsa-la-experiencia-digital-en-margaritaville-island-reserve-cancun\/\" tabindex=\"-1\" ><div class=\"elementor-post__thumbnail\"><img decoding=\"async\" width=\"300\" height=\"200\" src=\"https:\/\/cempr.mx\/wp-content\/uploads\/2026\/04\/margaritaville1a-300x200.jpg\" class=\"attachment-medium size-medium wp-image-2227\" alt=\"Margaritaville\" srcset=\"https:\/\/cempr.mx\/wp-content\/uploads\/2026\/04\/margaritaville1a-300x200.jpg 300w, https:\/\/cempr.mx\/wp-content\/uploads\/2026\/04\/margaritaville1a-1024x683.jpg 1024w, https:\/\/cempr.mx\/wp-content\/uploads\/2026\/04\/margaritaville1a-768x512.jpg 768w, https:\/\/cempr.mx\/wp-content\/uploads\/2026\/04\/margaritaville1a-18x12.jpg 18w, https:\/\/cempr.mx\/wp-content\/uploads\/2026\/04\/margaritaville1a.jpg 1500w\" sizes=\"(max-width: 300px) 100vw, 300px\" \/><\/div><\/a>\n\t\t\t\t<div class=\"elementor-post__badge\">Omada by TP-Link<\/div>\n\t\t\t\t<div class=\"elementor-post__text\">\n\t\t\t\t<h3 class=\"elementor-post__title\">\n\t\t\t<a href=\"https:\/\/cempr.mx\/en\/comunicados-prensa\/omada-by-tp-link-impulsa-la-experiencia-digital-en-margaritaville-island-reserve-cancun\/\" >\n\t\t\t\tOmada by TP-Link impulsa la experiencia digital en Margaritaville Island Reserve Canc\u00fan con una red de alto desempe\u00f1o\t\t\t<\/a>\n\t\t<\/h3>\n\t\t\t\t<div class=\"elementor-post__excerpt\">\n\t\t\t<p>El roaming se posiciona como un requisito indispensable en hoteler\u00eda, al garantizar una experiencia de conectividad continua en toda la propiedad En el sector hotelero, la red dej\u00f3 de ser<\/p>\n\t\t<\/div>\n\t\t\n\t\t<a class=\"elementor-post__read-more\" href=\"https:\/\/cempr.mx\/en\/comunicados-prensa\/omada-by-tp-link-impulsa-la-experiencia-digital-en-margaritaville-island-reserve-cancun\/\" aria-label=\"Read more about Omada by TP-Link impulsa la experiencia digital en Margaritaville Island Reserve Canc\u00fan con una red de alto desempe\u00f1o\" tabindex=\"-1\" >\n\t\t\tRead more  \u00bb\t\t<\/a>\n\n\t\t\t\t<\/div>\n\t\t\t\t<div class=\"elementor-post__meta-data\">\n\t\t\t\t\t<span class=\"elementor-post-date\">\n\t\t\tApril 9, 2026\t\t<\/span>\n\t\t\t\t<\/div>\n\t\t\t\t\t<\/div>\n\t\t<\/article>\n\t\t\t\t<article class=\"elementor-post elementor-grid-item post-2222 comunicados-prensa type-comunicados-prensa status-publish has-post-thumbnail hentry etiquetas-prensa-uflow\" role=\"listitem\">\n\t\t\t<div class=\"elementor-post__card\">\n\t\t\t\t<a class=\"elementor-post__thumbnail__link\" href=\"https:\/\/cempr.mx\/en\/comunicados-prensa\/los-creditos-de-abea-aliada-de-albo-escalan-con-uflow-en-mexico\/\" tabindex=\"-1\" ><div class=\"elementor-post__thumbnail\"><img loading=\"lazy\" decoding=\"async\" width=\"300\" height=\"200\" src=\"https:\/\/cempr.mx\/wp-content\/uploads\/2026\/04\/uflow_motor-300x200.jpg\" class=\"attachment-medium size-medium wp-image-2223\" alt=\"Motor de Decisiones\" srcset=\"https:\/\/cempr.mx\/wp-content\/uploads\/2026\/04\/uflow_motor-300x200.jpg 300w, https:\/\/cempr.mx\/wp-content\/uploads\/2026\/04\/uflow_motor-768x512.jpg 768w, https:\/\/cempr.mx\/wp-content\/uploads\/2026\/04\/uflow_motor-18x12.jpg 18w, https:\/\/cempr.mx\/wp-content\/uploads\/2026\/04\/uflow_motor.jpg 900w\" sizes=\"(max-width: 300px) 100vw, 300px\" \/><\/div><\/a>\n\t\t\t\t<div class=\"elementor-post__badge\">uFlow<\/div>\n\t\t\t\t<div class=\"elementor-post__text\">\n\t\t\t\t<h3 class=\"elementor-post__title\">\n\t\t\t<a href=\"https:\/\/cempr.mx\/en\/comunicados-prensa\/los-creditos-de-abea-aliada-de-albo-escalan-con-uflow-en-mexico\/\" >\n\t\t\t\tLos cr\u00e9ditos de abea, aliada de albo, escalan con uFlow en M\u00e9xico\t\t\t<\/a>\n\t\t<\/h3>\n\t\t\t\t<div class=\"elementor-post__excerpt\">\n\t\t\t<p>La empresa de cr\u00e9dito aliada de albo, multiplic\u00f3 por m\u00e1s de 15x su capacidad de procesamiento y redujo en 94% el costo de evaluaci\u00f3n crediticia Ciudad de M\u00e9xico, abril 2026.-\u00a0uFlow,<\/p>\n\t\t<\/div>\n\t\t\n\t\t<a class=\"elementor-post__read-more\" href=\"https:\/\/cempr.mx\/en\/comunicados-prensa\/los-creditos-de-abea-aliada-de-albo-escalan-con-uflow-en-mexico\/\" aria-label=\"Read more about Los cr\u00e9ditos de abea, aliada de albo, escalan con uFlow en M\u00e9xico\" tabindex=\"-1\" >\n\t\t\tRead more  \u00bb\t\t<\/a>\n\n\t\t\t\t<\/div>\n\t\t\t\t<div class=\"elementor-post__meta-data\">\n\t\t\t\t\t<span class=\"elementor-post-date\">\n\t\t\tApril 7, 2026\t\t<\/span>\n\t\t\t\t<\/div>\n\t\t\t\t\t<\/div>\n\t\t<\/article>\n\t\t\t\t<article class=\"elementor-post elementor-grid-item post-2205 comunicados-prensa type-comunicados-prensa status-publish has-post-thumbnail hentry etiquetas-prensa-sonicwall\" role=\"listitem\">\n\t\t\t<div class=\"elementor-post__card\">\n\t\t\t\t<a class=\"elementor-post__thumbnail__link\" href=\"https:\/\/cempr.mx\/en\/comunicados-prensa\/sonicwall-anuncio-que-ha-sido-nombrado-lider-y-fast-mover-en-el-radar-gigaom-2026-para-firewalls-empresariales\/\" tabindex=\"-1\" ><div class=\"elementor-post__thumbnail\"><img loading=\"lazy\" decoding=\"async\" width=\"300\" height=\"200\" src=\"https:\/\/cempr.mx\/wp-content\/uploads\/2026\/04\/sonicwall_nsa-300x200.jpg\" class=\"attachment-medium size-medium wp-image-2206\" alt=\"NSa SonicWall\" srcset=\"https:\/\/cempr.mx\/wp-content\/uploads\/2026\/04\/sonicwall_nsa-300x200.jpg 300w, https:\/\/cempr.mx\/wp-content\/uploads\/2026\/04\/sonicwall_nsa-768x512.jpg 768w, https:\/\/cempr.mx\/wp-content\/uploads\/2026\/04\/sonicwall_nsa-18x12.jpg 18w, https:\/\/cempr.mx\/wp-content\/uploads\/2026\/04\/sonicwall_nsa.jpg 900w\" sizes=\"(max-width: 300px) 100vw, 300px\" \/><\/div><\/a>\n\t\t\t\t<div class=\"elementor-post__badge\">SonicWall<\/div>\n\t\t\t\t<div class=\"elementor-post__text\">\n\t\t\t\t<h3 class=\"elementor-post__title\">\n\t\t\t<a href=\"https:\/\/cempr.mx\/en\/comunicados-prensa\/sonicwall-anuncio-que-ha-sido-nombrado-lider-y-fast-mover-en-el-radar-gigaom-2026-para-firewalls-empresariales\/\" >\n\t\t\t\tSonicWall anunci\u00f3 que ha sido nombrado L\u00edder y \u201cFast Mover\u201d en el Radar GigaOm 2026 para Firewalls Empresariales\t\t\t<\/a>\n\t\t<\/h3>\n\t\t\t\t<div class=\"elementor-post__excerpt\">\n\t\t\t<p>Este reconocimiento refuerza el impulso de SonicWall despu\u00e9s de dos a\u00f1os consecutivos con eficacia perfecta frente a amenazas en las pruebas independientes de NetSecOPEN MILPITAS, Calif. \u2014 6 de abril<\/p>\n\t\t<\/div>\n\t\t\n\t\t<a class=\"elementor-post__read-more\" href=\"https:\/\/cempr.mx\/en\/comunicados-prensa\/sonicwall-anuncio-que-ha-sido-nombrado-lider-y-fast-mover-en-el-radar-gigaom-2026-para-firewalls-empresariales\/\" aria-label=\"Read more about SonicWall anunci\u00f3 que ha sido nombrado L\u00edder y \u201cFast Mover\u201d en el Radar GigaOm 2026 para Firewalls Empresariales\" tabindex=\"-1\" >\n\t\t\tRead more  \u00bb\t\t<\/a>\n\n\t\t\t\t<\/div>\n\t\t\t\t<div class=\"elementor-post__meta-data\">\n\t\t\t\t\t<span class=\"elementor-post-date\">\n\t\t\tApril 6, 2026\t\t<\/span>\n\t\t\t\t<\/div>\n\t\t\t\t\t<\/div>\n\t\t<\/article>\n\t\t\t\t<article class=\"elementor-post elementor-grid-item post-2212 comunicados-prensa type-comunicados-prensa status-publish has-post-thumbnail hentry etiquetas-prensa-mx-taxi\" role=\"listitem\">\n\t\t\t<div class=\"elementor-post__card\">\n\t\t\t\t<a class=\"elementor-post__thumbnail__link\" href=\"https:\/\/cempr.mx\/en\/comunicados-prensa\/taxis-concesionados-entran-a-uber-sin-perder-su-independencia-nace-un-modelo-unico-en-mexico\/\" tabindex=\"-1\" ><div class=\"elementor-post__thumbnail\"><img loading=\"lazy\" decoding=\"async\" width=\"300\" height=\"208\" src=\"https:\/\/cempr.mx\/wp-content\/uploads\/2026\/04\/MX-Taxi-UBER-300x208.jpg\" class=\"attachment-medium size-medium wp-image-2213\" alt=\"Mx Taxi - Uber\" srcset=\"https:\/\/cempr.mx\/wp-content\/uploads\/2026\/04\/MX-Taxi-UBER-300x208.jpg 300w, https:\/\/cempr.mx\/wp-content\/uploads\/2026\/04\/MX-Taxi-UBER-1024x709.jpg 1024w, https:\/\/cempr.mx\/wp-content\/uploads\/2026\/04\/MX-Taxi-UBER-768x532.jpg 768w, https:\/\/cempr.mx\/wp-content\/uploads\/2026\/04\/MX-Taxi-UBER-18x12.jpg 18w, https:\/\/cempr.mx\/wp-content\/uploads\/2026\/04\/MX-Taxi-UBER.jpg 1481w\" sizes=\"(max-width: 300px) 100vw, 300px\" \/><\/div><\/a>\n\t\t\t\t<div class=\"elementor-post__badge\">Mx Taxi<\/div>\n\t\t\t\t<div class=\"elementor-post__text\">\n\t\t\t\t<h3 class=\"elementor-post__title\">\n\t\t\t<a href=\"https:\/\/cempr.mx\/en\/comunicados-prensa\/taxis-concesionados-entran-a-uber-sin-perder-su-independencia-nace-un-modelo-unico-en-mexico\/\" >\n\t\t\t\tTaxis concesionados entran a Uber sin perder su independencia: nace un modelo \u00fanico en M\u00e9xico\t\t\t<\/a>\n\t\t<\/h3>\n\t\t\t\t<div class=\"elementor-post__excerpt\">\n\t\t\t<p>Ciudad de M\u00e9xico, 24 de marzo de 2026.\u00a0\u2014 MX Taxi y Uber anunciaron hoy una alianza estrat\u00e9gica que marca un punto de inflexi\u00f3n en la movilidad urbana: por primera vez,<\/p>\n\t\t<\/div>\n\t\t\n\t\t<a class=\"elementor-post__read-more\" href=\"https:\/\/cempr.mx\/en\/comunicados-prensa\/taxis-concesionados-entran-a-uber-sin-perder-su-independencia-nace-un-modelo-unico-en-mexico\/\" aria-label=\"Read more about Taxis concesionados entran a Uber sin perder su independencia: nace un modelo \u00fanico en M\u00e9xico\" tabindex=\"-1\" >\n\t\t\tRead more  \u00bb\t\t<\/a>\n\n\t\t\t\t<\/div>\n\t\t\t\t<div class=\"elementor-post__meta-data\">\n\t\t\t\t\t<span class=\"elementor-post-date\">\n\t\t\tMarch 24, 2026\t\t<\/span>\n\t\t\t\t<\/div>\n\t\t\t\t\t<\/div>\n\t\t<\/article>\n\t\t\t\t<article class=\"elementor-post elementor-grid-item post-2209 comunicados-prensa type-comunicados-prensa status-publish has-post-thumbnail hentry etiquetas-prensa-mx-taxi\" role=\"listitem\">\n\t\t\t<div class=\"elementor-post__card\">\n\t\t\t\t<a class=\"elementor-post__thumbnail__link\" href=\"https:\/\/cempr.mx\/en\/comunicados-prensa\/el-taxi-concesionado-en-mexico-redefine-su-papel-en-la-nueva-movilidad-urbana\/\" tabindex=\"-1\" ><div class=\"elementor-post__thumbnail\"><img loading=\"lazy\" decoding=\"async\" width=\"300\" height=\"200\" src=\"https:\/\/cempr.mx\/wp-content\/uploads\/2026\/04\/mx_taxi_foto-300x200.jpg\" class=\"attachment-medium size-medium wp-image-2210\" alt=\"Mx Taxi\" srcset=\"https:\/\/cempr.mx\/wp-content\/uploads\/2026\/04\/mx_taxi_foto-300x200.jpg 300w, https:\/\/cempr.mx\/wp-content\/uploads\/2026\/04\/mx_taxi_foto-768x512.jpg 768w, https:\/\/cempr.mx\/wp-content\/uploads\/2026\/04\/mx_taxi_foto-18x12.jpg 18w, https:\/\/cempr.mx\/wp-content\/uploads\/2026\/04\/mx_taxi_foto.jpg 900w\" sizes=\"(max-width: 300px) 100vw, 300px\" \/><\/div><\/a>\n\t\t\t\t<div class=\"elementor-post__badge\">Mx Taxi<\/div>\n\t\t\t\t<div class=\"elementor-post__text\">\n\t\t\t\t<h3 class=\"elementor-post__title\">\n\t\t\t<a href=\"https:\/\/cempr.mx\/en\/comunicados-prensa\/el-taxi-concesionado-en-mexico-redefine-su-papel-en-la-nueva-movilidad-urbana\/\" >\n\t\t\t\tEl taxi concesionado en M\u00e9xico  redefine su papel en la nueva movilidad urbana\t\t\t<\/a>\n\t\t<\/h3>\n\t\t\t\t<div class=\"elementor-post__excerpt\">\n\t\t\t<p>La nueva app est\u00e1 dise\u00f1ada exclusivamente para taxistas concesionados de la CDMX, permiti\u00e9ndoles integrarse a un sistema digital que ampl\u00eda su acceso a demanda y optimiza su operaci\u00f3n diaria Este<\/p>\n\t\t<\/div>\n\t\t\n\t\t<a class=\"elementor-post__read-more\" href=\"https:\/\/cempr.mx\/en\/comunicados-prensa\/el-taxi-concesionado-en-mexico-redefine-su-papel-en-la-nueva-movilidad-urbana\/\" aria-label=\"Read more about El taxi concesionado en M\u00e9xico  redefine su papel en la nueva movilidad urbana\" tabindex=\"-1\" >\n\t\t\tRead more  \u00bb\t\t<\/a>\n\n\t\t\t\t<\/div>\n\t\t\t\t<div class=\"elementor-post__meta-data\">\n\t\t\t\t\t<span class=\"elementor-post-date\">\n\t\t\tMarch 23, 2026\t\t<\/span>\n\t\t\t\t<\/div>\n\t\t\t\t\t<\/div>\n\t\t<\/article>\n\t\t\t\t<article class=\"elementor-post elementor-grid-item post-2216 comunicados-prensa type-comunicados-prensa status-publish has-post-thumbnail hentry etiquetas-prensa-sonicwall\" role=\"listitem\">\n\t\t\t<div class=\"elementor-post__card\">\n\t\t\t\t<a class=\"elementor-post__thumbnail__link\" href=\"https:\/\/cempr.mx\/en\/comunicados-prensa\/sonicwall-actualiza-su-programa-de-canales-securefirst-y-ofrece-nuevas-opciones-de-habilitacion-para-acelerar-el-crecimiento-y-la-rentabilidad-de-los-partners\/\" tabindex=\"-1\" ><div class=\"elementor-post__thumbnail\"><img loading=\"lazy\" decoding=\"async\" width=\"300\" height=\"169\" src=\"https:\/\/cempr.mx\/wp-content\/uploads\/2026\/04\/sonicwall_securefirst_pp-300x169.png\" class=\"attachment-medium size-medium wp-image-2218\" alt=\"SecurFirst\" srcset=\"https:\/\/cempr.mx\/wp-content\/uploads\/2026\/04\/sonicwall_securefirst_pp-300x169.png 300w, https:\/\/cempr.mx\/wp-content\/uploads\/2026\/04\/sonicwall_securefirst_pp-1024x576.png 1024w, https:\/\/cempr.mx\/wp-content\/uploads\/2026\/04\/sonicwall_securefirst_pp-768x432.png 768w, https:\/\/cempr.mx\/wp-content\/uploads\/2026\/04\/sonicwall_securefirst_pp-18x10.png 18w, https:\/\/cempr.mx\/wp-content\/uploads\/2026\/04\/sonicwall_securefirst_pp.png 1280w\" sizes=\"(max-width: 300px) 100vw, 300px\" \/><\/div><\/a>\n\t\t\t\t<div class=\"elementor-post__badge\">SonicWall<\/div>\n\t\t\t\t<div class=\"elementor-post__text\">\n\t\t\t\t<h3 class=\"elementor-post__title\">\n\t\t\t<a href=\"https:\/\/cempr.mx\/en\/comunicados-prensa\/sonicwall-actualiza-su-programa-de-canales-securefirst-y-ofrece-nuevas-opciones-de-habilitacion-para-acelerar-el-crecimiento-y-la-rentabilidad-de-los-partners\/\" >\n\t\t\t\tSonicWall actualiza su programa de canales SecureFirst y ofrece nuevas opciones de habilitaci\u00f3n para acelerar el crecimiento y la rentabilidad de los partners\t\t\t<\/a>\n\t\t<\/h3>\n\t\t\t\t<div class=\"elementor-post__excerpt\">\n\t\t\t<p>Adem\u00e1s, SonicWall tiene el placer de anunciar el nombramiento de Patrick O\u2019Donnell como Chief Revenue Officer y la mejora de su programa de canales SecureFirst MILPITAS, Calif. \u2014 12 de<\/p>\n\t\t<\/div>\n\t\t\n\t\t<a class=\"elementor-post__read-more\" href=\"https:\/\/cempr.mx\/en\/comunicados-prensa\/sonicwall-actualiza-su-programa-de-canales-securefirst-y-ofrece-nuevas-opciones-de-habilitacion-para-acelerar-el-crecimiento-y-la-rentabilidad-de-los-partners\/\" aria-label=\"Read more about SonicWall actualiza su programa de canales SecureFirst y ofrece nuevas opciones de habilitaci\u00f3n para acelerar el crecimiento y la rentabilidad de los partners\" tabindex=\"-1\" >\n\t\t\tRead more  \u00bb\t\t<\/a>\n\n\t\t\t\t<\/div>\n\t\t\t\t<div class=\"elementor-post__meta-data\">\n\t\t\t\t\t<span class=\"elementor-post-date\">\n\t\t\tMarch 12, 2026\t\t<\/span>\n\t\t\t\t<\/div>\n\t\t\t\t\t<\/div>\n\t\t<\/article>\n\t\t\t\t<\/div>\n\t\t\n\t\t\t\t<div class=\"e-load-more-anchor\" data-page=\"1\" data-max-page=\"31\" data-next-page=\"https:\/\/cempr.mx\/en\/wp-json\/wp\/v2\/pages\/16\/page\/2\/\"><\/div>\n\t\t\t\t<nav class=\"elementor-pagination\" aria-label=\"Pagination\">\n\t\t\t<span aria-current=\"page\" class=\"page-numbers current\"><span class=\"elementor-screen-only\">Page<\/span>1<\/span>\n<a class=\"page-numbers\" href=\"https:\/\/cempr.mx\/en\/wp-json\/wp\/v2\/pages\/16\/page\/2\/\"><span class=\"elementor-screen-only\">Page<\/span>2<\/a>\n<a class=\"page-numbers\" href=\"https:\/\/cempr.mx\/en\/wp-json\/wp\/v2\/pages\/16\/page\/3\/\"><span class=\"elementor-screen-only\">Page<\/span>3<\/a>\n<a class=\"page-numbers\" href=\"https:\/\/cempr.mx\/en\/wp-json\/wp\/v2\/pages\/16\/page\/4\/\"><span class=\"elementor-screen-only\">Page<\/span>4<\/a>\n<a class=\"page-numbers\" href=\"https:\/\/cempr.mx\/en\/wp-json\/wp\/v2\/pages\/16\/page\/5\/\"><span class=\"elementor-screen-only\">Page<\/span>5<\/a>\t\t<\/nav>\n\t\t\t\t\t\t<\/div>\n\t\t\t\t<\/div>\n\t\t\t\t\t<\/div>\n\t\t\t\t<\/div>\n\t\t\t\t<\/div>","protected":false},"excerpt":{"rendered":"<p>Sala de Prensa \u00ab\u00a1Te damos la bienvenida a nuestra Sala de Prensa! En esta secci\u00f3n, encontrar\u00e1s todo lo relacionado a lanzamientos, eventos, novedades, tendencias, art\u00edculos de opini\u00f3n y noticias relevantes de las marcas que atendemos. Nuestra misi\u00f3n es brindarte informaci\u00f3n actualizada acerca de c\u00f3mo estas empresas est\u00e1n impactando en sus respectivas industrias. Explora nuestros comunicados [&hellip;]<\/p>\n","protected":false},"author":1,"featured_media":0,"parent":0,"menu_order":4,"comment_status":"closed","ping_status":"closed","template":"","meta":{"footnotes":""},"class_list":["post-16","page","type-page","status-publish","hentry"],"yoast_head":"<!-- This site is optimized with the Yoast SEO plugin v27.5 - https:\/\/yoast.com\/product\/yoast-seo-wordpress\/ -->\n<title>Sala de Prensa - CEMPR Digital Agencia de Relaciones P&uacute;blicas<\/title>\n<meta name=\"description\" content=\"Todo lo relacionado a lanzamientos, eventos, novedades, tendencias, art\u00edculos de opini\u00f3n y noticias relevantes de las marcas que atendemos.\" \/>\n<meta name=\"robots\" content=\"index, follow, max-snippet:-1, max-image-preview:large, max-video-preview:-1\" \/>\n<link rel=\"canonical\" href=\"https:\/\/cempr.mx\/en\/sala-de-prensa\/\" \/>\n<meta property=\"og:locale\" content=\"en_US\" \/>\n<meta property=\"og:type\" content=\"article\" \/>\n<meta property=\"og:title\" content=\"Sala de Prensa - CEMPR Digital Agencia de Relaciones P&uacute;blicas\" \/>\n<meta property=\"og:description\" content=\"Todo lo relacionado a lanzamientos, eventos, novedades, tendencias, art\u00edculos de opini\u00f3n y noticias relevantes de las marcas que atendemos.\" \/>\n<meta property=\"og:url\" content=\"https:\/\/cempr.mx\/en\/sala-de-prensa\/\" \/>\n<meta property=\"og:site_name\" content=\"CEMPR Digital Agencia de Relaciones P&uacute;blicas\" \/>\n<meta property=\"article:modified_time\" content=\"2023-08-31T23:39:18+00:00\" \/>\n<meta name=\"twitter:card\" content=\"summary_large_image\" \/>\n<meta name=\"twitter:label1\" content=\"Est. reading time\" \/>\n\t<meta name=\"twitter:data1\" content=\"7 minutes\" \/>\n<script type=\"application\/ld+json\" class=\"yoast-schema-graph\">{\"@context\":\"https:\\\/\\\/schema.org\",\"@graph\":[{\"@type\":\"WebPage\",\"@id\":\"https:\\\/\\\/cempr.mx\\\/sala-de-prensa\\\/\",\"url\":\"https:\\\/\\\/cempr.mx\\\/sala-de-prensa\\\/\",\"name\":\"Sala de Prensa - CEMPR Digital Agencia de Relaciones P&uacute;blicas\",\"isPartOf\":{\"@id\":\"https:\\\/\\\/cempr.mx\\\/#website\"},\"datePublished\":\"2023-08-15T02:22:43+00:00\",\"dateModified\":\"2023-08-31T23:39:18+00:00\",\"description\":\"Todo lo relacionado a lanzamientos, eventos, novedades, tendencias, art\u00edculos de opini\u00f3n y noticias relevantes de las marcas que atendemos.\",\"breadcrumb\":{\"@id\":\"https:\\\/\\\/cempr.mx\\\/sala-de-prensa\\\/#breadcrumb\"},\"inLanguage\":\"en-US\",\"potentialAction\":[{\"@type\":\"ReadAction\",\"target\":[\"https:\\\/\\\/cempr.mx\\\/sala-de-prensa\\\/\"]}]},{\"@type\":\"BreadcrumbList\",\"@id\":\"https:\\\/\\\/cempr.mx\\\/sala-de-prensa\\\/#breadcrumb\",\"itemListElement\":[{\"@type\":\"ListItem\",\"position\":1,\"name\":\"Portada\",\"item\":\"https:\\\/\\\/cempr.mx\\\/\"},{\"@type\":\"ListItem\",\"position\":2,\"name\":\"Sala de Prensa\"}]},{\"@type\":\"WebSite\",\"@id\":\"https:\\\/\\\/cempr.mx\\\/#website\",\"url\":\"https:\\\/\\\/cempr.mx\\\/\",\"name\":\"CEMPR Digital Agencia de Relaciones P&uacute;blicas\",\"description\":\"CEMPR Digital\",\"publisher\":{\"@id\":\"https:\\\/\\\/cempr.mx\\\/#organization\"},\"potentialAction\":[{\"@type\":\"SearchAction\",\"target\":{\"@type\":\"EntryPoint\",\"urlTemplate\":\"https:\\\/\\\/cempr.mx\\\/?s={search_term_string}\"},\"query-input\":{\"@type\":\"PropertyValueSpecification\",\"valueRequired\":true,\"valueName\":\"search_term_string\"}}],\"inLanguage\":\"en-US\"},{\"@type\":\"Organization\",\"@id\":\"https:\\\/\\\/cempr.mx\\\/#organization\",\"name\":\"CEMPR Digital Agencia de Relaciones P&uacute;blicas\",\"url\":\"https:\\\/\\\/cempr.mx\\\/\",\"logo\":{\"@type\":\"ImageObject\",\"inLanguage\":\"en-US\",\"@id\":\"https:\\\/\\\/cempr.mx\\\/#\\\/schema\\\/logo\\\/image\\\/\",\"url\":\"https:\\\/\\\/cempr.mx\\\/wp-content\\\/uploads\\\/2023\\\/08\\\/logo-cempr.png\",\"contentUrl\":\"https:\\\/\\\/cempr.mx\\\/wp-content\\\/uploads\\\/2023\\\/08\\\/logo-cempr.png\",\"width\":302,\"height\":216,\"caption\":\"CEMPR Digital Agencia de Relaciones P&uacute;blicas\"},\"image\":{\"@id\":\"https:\\\/\\\/cempr.mx\\\/#\\\/schema\\\/logo\\\/image\\\/\"}}]}<\/script>\n<!-- \/ Yoast SEO plugin. -->","yoast_head_json":{"title":"Sala de Prensa - CEMPR Digital Agencia de Relaciones P&uacute;blicas","description":"Todo lo relacionado a lanzamientos, eventos, novedades, tendencias, art\u00edculos de opini\u00f3n y noticias relevantes de las marcas que atendemos.","robots":{"index":"index","follow":"follow","max-snippet":"max-snippet:-1","max-image-preview":"max-image-preview:large","max-video-preview":"max-video-preview:-1"},"canonical":"https:\/\/cempr.mx\/en\/sala-de-prensa\/","og_locale":"en_US","og_type":"article","og_title":"Sala de Prensa - CEMPR Digital Agencia de Relaciones P&uacute;blicas","og_description":"Todo lo relacionado a lanzamientos, eventos, novedades, tendencias, art\u00edculos de opini\u00f3n y noticias relevantes de las marcas que atendemos.","og_url":"https:\/\/cempr.mx\/en\/sala-de-prensa\/","og_site_name":"CEMPR Digital Agencia de Relaciones P&uacute;blicas","article_modified_time":"2023-08-31T23:39:18+00:00","twitter_card":"summary_large_image","twitter_misc":{"Est. reading time":"7 minutes"},"schema":{"@context":"https:\/\/schema.org","@graph":[{"@type":"WebPage","@id":"https:\/\/cempr.mx\/sala-de-prensa\/","url":"https:\/\/cempr.mx\/sala-de-prensa\/","name":"Sala de Prensa - CEMPR Digital Agencia de Relaciones P&uacute;blicas","isPartOf":{"@id":"https:\/\/cempr.mx\/#website"},"datePublished":"2023-08-15T02:22:43+00:00","dateModified":"2023-08-31T23:39:18+00:00","description":"Todo lo relacionado a lanzamientos, eventos, novedades, tendencias, art\u00edculos de opini\u00f3n y noticias relevantes de las marcas que atendemos.","breadcrumb":{"@id":"https:\/\/cempr.mx\/sala-de-prensa\/#breadcrumb"},"inLanguage":"en-US","potentialAction":[{"@type":"ReadAction","target":["https:\/\/cempr.mx\/sala-de-prensa\/"]}]},{"@type":"BreadcrumbList","@id":"https:\/\/cempr.mx\/sala-de-prensa\/#breadcrumb","itemListElement":[{"@type":"ListItem","position":1,"name":"Portada","item":"https:\/\/cempr.mx\/"},{"@type":"ListItem","position":2,"name":"Sala de Prensa"}]},{"@type":"WebSite","@id":"https:\/\/cempr.mx\/#website","url":"https:\/\/cempr.mx\/","name":"CEMPR Digital Public Relations Agency","description":"CEMPR Digital","publisher":{"@id":"https:\/\/cempr.mx\/#organization"},"potentialAction":[{"@type":"SearchAction","target":{"@type":"EntryPoint","urlTemplate":"https:\/\/cempr.mx\/?s={search_term_string}"},"query-input":{"@type":"PropertyValueSpecification","valueRequired":true,"valueName":"search_term_string"}}],"inLanguage":"en-US"},{"@type":"Organization","@id":"https:\/\/cempr.mx\/#organization","name":"CEMPR Digital Public Relations Agency","url":"https:\/\/cempr.mx\/","logo":{"@type":"ImageObject","inLanguage":"en-US","@id":"https:\/\/cempr.mx\/#\/schema\/logo\/image\/","url":"https:\/\/cempr.mx\/wp-content\/uploads\/2023\/08\/logo-cempr.png","contentUrl":"https:\/\/cempr.mx\/wp-content\/uploads\/2023\/08\/logo-cempr.png","width":302,"height":216,"caption":"CEMPR Digital Agencia de Relaciones P&uacute;blicas"},"image":{"@id":"https:\/\/cempr.mx\/#\/schema\/logo\/image\/"}}]}},"_links":{"self":[{"href":"https:\/\/cempr.mx\/en\/wp-json\/wp\/v2\/pages\/16","targetHints":{"allow":["GET"]}}],"collection":[{"href":"https:\/\/cempr.mx\/en\/wp-json\/wp\/v2\/pages"}],"about":[{"href":"https:\/\/cempr.mx\/en\/wp-json\/wp\/v2\/types\/page"}],"author":[{"embeddable":true,"href":"https:\/\/cempr.mx\/en\/wp-json\/wp\/v2\/users\/1"}],"replies":[{"embeddable":true,"href":"https:\/\/cempr.mx\/en\/wp-json\/wp\/v2\/comments?post=16"}],"version-history":[{"count":22,"href":"https:\/\/cempr.mx\/en\/wp-json\/wp\/v2\/pages\/16\/revisions"}],"predecessor-version":[{"id":490,"href":"https:\/\/cempr.mx\/en\/wp-json\/wp\/v2\/pages\/16\/revisions\/490"}],"wp:attachment":[{"href":"https:\/\/cempr.mx\/en\/wp-json\/wp\/v2\/media?parent=16"}],"curies":[{"name":"wp","href":"https:\/\/api.w.org\/{rel}","templated":true}]}}